{"id":17,"date":"2023-07-26T17:00:00","date_gmt":"2023-07-26T20:00:00","guid":{"rendered":"https:\/\/cultura.jundiai.sp.gov.br\/flij\/?page_id=17"},"modified":"2025-09-25T03:01:03","modified_gmt":"2025-09-25T06:01:03","slug":"edicao-2023","status":"publish","type":"page","link":"https:\/\/cultura.jundiai.sp.gov.br\/flij\/","title":{"rendered":"6\u00aa FLIJ 2025"},"content":{"rendered":"\n<p>A Festa Liter\u00e1ria de Jundia\u00ed (FLIJ) chega \u00e0 sua 6\u00aa edi\u00e7\u00e3o em mais uma realiza\u00e7\u00e3o da Secretaria Municipal de Cultura (SMCULT) da Prefeitura de Jundia\u00ed. Com programa\u00e7\u00e3o totalmente gratuita, o evento acontecer\u00e1 na Biblioteca Municipal Prof. Nelson Foot (com exce\u00e7\u00e3o do dia 20\/09, realizado na E.E. Dom Joaquim Justino Carreira).<\/p>\n\n\n\n<p>A cada edi\u00e7\u00e3o, a FLIJ reafirma seu compromisso com a democratiza\u00e7\u00e3o do acesso \u00e0 literatura e \u00e0s artes, aproximando autores, editores, livreiros, mediadores, professores, bibliotec\u00e1rios e leitores em experi\u00eancias de troca e aprendizado.<\/p>\n\n\n\n<p>A agenda contar\u00e1 com <strong>mesas de debate, rodas de conversa, saraus, exposi\u00e7\u00f5es, lan\u00e7amentos de livros, atividades para crian\u00e7as, oficinas, apresenta\u00e7\u00f5es art\u00edsticas e musicais<\/strong>, al\u00e9m de a\u00e7\u00f5es voltadas para a valoriza\u00e7\u00e3o da produ\u00e7\u00e3o liter\u00e1ria local e o est\u00edmulo \u00e0 diversidade cultural.<\/p>\n\n\n\n<p>Mais do que uma celebra\u00e7\u00e3o da palavra escrita, a FLIJ \u00e9 um espa\u00e7o de encontro, reflex\u00e3o e partilha, que busca ampliar repert\u00f3rios, fortalecer v\u00ednculos comunit\u00e1rios e destacar o papel transformador da literatura na sociedade.<\/p>\n\n\n\n<p><strong>Confira os detalhes da programa\u00e7\u00e3o: <\/strong><\/p>\n\n\n\n<h2 class=\"wp-block-heading\"><strong>20\/09 (S\u00e1bado)<\/strong> \u2013 <em>Sarau Verso Vivo \u2013 Edi\u00e7\u00e3o Especial FLIJ<\/em><\/h2>\n\n\n\n<p>\ud83d\udccd E.E. Dom Joaquim Justino Carreira<br>\u23f0 09h00 \u2013 14h00<\/p>\n\n\n\n<ul class=\"wp-block-list\">\n<li><strong>09h00 \u2013 11h00<\/strong>\n<ul class=\"wp-block-list\">\n<li>Oficina de escrita criativa e performance Slam (Gabizine)<\/li>\n\n\n\n<li>Oficina de Zine (Podre Flores)<\/li>\n<\/ul>\n<\/li>\n\n\n\n<li><strong>11h00 \u2013 12h00<\/strong>\n<ul class=\"wp-block-list\">\n<li>Mesa de debate com Hildon e Flores <br>Media\u00e7\u00e3o: Rog\u00e9rio<\/li>\n<\/ul>\n<\/li>\n\n\n\n<li><strong>12h00 \u2013 13h00<\/strong>\n<ul class=\"wp-block-list\">\n<li>Microfone Aberto<\/li>\n\n\n\n<li>DJ Joker<\/li>\n\n\n\n<li>Exposi\u00e7\u00e3o de zines e livros<\/li>\n<\/ul>\n<\/li>\n\n\n\n<li><strong>13h00 \u2013 14h00<\/strong>\n<ul class=\"wp-block-list\">\n<li>Slam (Gabizine)<\/li>\n\n\n\n<li>DJ Joker<\/li>\n<\/ul>\n<\/li>\n<\/ul>\n\n\n\n<hr class=\"wp-block-separator has-alpha-channel-opacity\" \/>\n\n\n\n<h2 class=\"wp-block-heading\"><strong>24\/09 (Quarta)<\/strong><\/h2>\n\n\n\n<ul class=\"wp-block-list\">\n<li><strong>09h30 \u2013 11h45 \/ 14h30 \u2013 16h45<\/strong><br>\ud83d\udcd6 <em>Piquenique Liter\u00e1rio<\/em> \u2013 com experi\u00eancias liter\u00e1rias e musicais.<br>Participantes: Rodrigo Moraes, Raquel Matias Medeia, Mara L\u00edgia Biancardi, M\u00e1rcio Martelli, J\u00falia Heimann, Cleia, Valderez de Mello.<\/li>\n\n\n\n<li><strong>14h00 \u2013 17h00<\/strong><br>\ud83c\udfad <em>Mesa: Leitura nas Inf\u00e2ncias \u2013 A Palavra como Brincadeira, Encontro e Direito<\/em><br>Convidados: Aline Bei e Henrique Rodrigues <br>Media\u00e7\u00e3o: Giba Pedrosa<\/li>\n<\/ul>\n\n\n\n<hr class=\"wp-block-separator has-alpha-channel-opacity\" \/>\n\n\n\n<h2 class=\"wp-block-heading\"><strong>25\/09 (Quinta)<\/strong><\/h2>\n\n\n\n<ul class=\"wp-block-list\">\n<li class=\"has-medium-font-size\"><strong>09h00 \u2013 12h00<\/strong><br>\ud83c\udf93 A\u00e7\u00e3o da FATEC: <br>&#8220;Um Olhar Ancestral: \u00c9tica socioambiental&#8221;<\/li>\n<\/ul>\n\n\n\n<p><strong>9h00<\/strong>\u00a0\u2013 Recep\u00e7\u00e3o<\/p>\n\n\n\n<p><strong>9h30<\/strong>&nbsp;\u2013 Abertura do Evento<br><em>Michele Santana Bueno<\/em><br>(Coordenadora da Biblioteca Nelson Foot)<\/p>\n\n\n\n<p><strong>9h40<\/strong>&nbsp;\u2013 Apresenta\u00e7\u00e3o do autor e da obra<br>\ud83d\udcd8&nbsp;<em>Futuro Ancestral \u2013 Ailton Krenak<\/em><br>Orat\u00f3ria:&nbsp;<em>Diego Henrique Pulceno<\/em><\/p>\n\n\n\n<p><strong>10h00<\/strong>&nbsp;\u2013 Sauda\u00e7\u00e3o<br><em>Jos\u00e9 Arnaldo de Oliveira<\/em>&nbsp;\u2013&nbsp;<em>\u201cCaminhos entre Rios\u201d<\/em><\/p>\n\n\n\n<p><strong>10h15<\/strong>&nbsp;\u2013 Roda de conversa<br>Mediadora:&nbsp;<em>Gabrielle Cifelli<\/em><br>(Professora de Ensino Superior \u2013 FATECs Itu e Barueri, Pesquisadora do Centro Paula Souza)<\/p>\n\n\n\n<p>Convidados:<\/p>\n\n\n\n<ul class=\"wp-block-list\">\n<li><em>Naldo Tukano<\/em>\u00a0\u2013 Educador ind\u00edgena, pesquisador e estudante de Lingu\u00edstica na UNICAMP<\/li>\n\n\n\n<li><em>Fl\u00e1vio Gramolelli Junior<\/em>\u00a0\u2013 Superintendente da Funda\u00e7\u00e3o Serra do Japi<\/li>\n<\/ul>\n\n\n\n<p><strong>11h15<\/strong>&nbsp;\u2013 Experi\u00eancia Sensorial<br>\u2728&nbsp;<em>O cora\u00e7\u00e3o no ritmo da Terra<\/em><\/p>\n\n\n\n<ul class=\"wp-block-list\">\n<li><strong>19h00 \u2013 21h00<\/strong><br>\ud83d\udcda <em>Mesa: Racismo estrutural e o pacto do sil\u00eancio<\/em><br>Convidados: Clayton Messias e Cida Bento<br>Media\u00e7\u00e3o: J\u00e9ssica<\/li>\n<\/ul>\n\n\n\n<p><\/p>\n\n\n\n<hr class=\"wp-block-separator has-alpha-channel-opacity\" \/>\n\n\n\n<h2 class=\"wp-block-heading\"><strong>26\/09 (Sexta)<\/strong><\/h2>\n\n\n\n<ul class=\"wp-block-list\">\n<li><strong>14h00 \u2013 16h00<\/strong><br>\ud83d\udcd6 <em>Forma\u00e7\u00e3o\/Bate-papo: Mercado Editorial<\/em> \u2013 <em>\u201cEscrevi, e agora? Caminhos para publicar, proteger e circular sua obra\u201d<\/em><br>Participante: Eduardo Lacerda (Editora Patu\u00e1)<br>Media\u00e7\u00e3o: J\u00e9ssica<\/li>\n\n\n\n<li><strong>19h00 \u2013 21h00<\/strong><br>\ud83d\udcda Mesa liter\u00e1ria<br>Convidada: Morgana Kretzmann<br>Media\u00e7\u00e3o: Luciana Minelli<\/li>\n<\/ul>\n\n\n\n<hr class=\"wp-block-separator has-alpha-channel-opacity\" \/>\n\n\n\n<h2 class=\"wp-block-heading\"><strong>27\/09 (S\u00e1bado)<\/strong> \u2013 <em>FLIJ + JundComics + GeekOTECA<\/em><\/h2>\n\n\n\n<p>\ud83d\udccd Diversos espa\u00e7os \u2013 das 10h00 \u00e0s 19h00<\/p>\n\n\n\n<h3 class=\"wp-block-heading\">Atra\u00e7\u00f5es Fixas<\/h3>\n\n\n\n<p>\ud83c\udfa8 \u00c1rea dos Artistas \u2022 \ud83d\udcda Venda de livros de autores jundiaienses \u2022 \u2694\ufe0f Swordplay (Lionheart Swordplay) \u2022 \ud83c\udfae Arena Gamer (Studio Games) \u2022 \ud83c\udfb2 Board Games (Toca Games) \u2022 \ud83c\udfad Maquiagem art\u00edstica<\/p>\n\n\n\n<h3 class=\"wp-block-heading\">Espa\u00e7o Multiuso<\/h3>\n\n\n\n<ul class=\"wp-block-list\">\n<li><strong>10h00<\/strong> \u2013 Aula Show: <em>O segundo caf\u00e9 da manh\u00e3 dos hobbits<\/em> <\/li>\n\n\n\n<li><strong>13h30<\/strong> \u2013 Mesas de RPG<\/li>\n<\/ul>\n\n\n\n<h3 class=\"wp-block-heading\">Audit\u00f3rio<\/h3>\n\n\n\n<ul class=\"wp-block-list\">\n<li><strong>11h00 \u2013 13h00<\/strong> \u2013 <em>Nobuo Yamada e os animesongs<\/em> (Davi Jr.)<\/li>\n\n\n\n<li><strong>13h00 \u2013 15h00<\/strong> \u2013 <em>Mercado Internacional<\/em> (Marcio Menyz, Bruno Bull e Jefferson Costa \u2013 media\u00e7\u00e3o Manoel de Souza)<\/li>\n\n\n\n<li><strong>15h00 \u2013 17h00<\/strong> \u2013 <em>Quadrinhos e Educa\u00e7\u00e3o<\/em> (Robson Moura e Regi Braz \u2013 media\u00e7\u00e3o Rubens Menezes)<\/li>\n<\/ul>\n\n\n\n<h3 class=\"wp-block-heading\">Gibiteca<\/h3>\n\n\n\n<ul class=\"wp-block-list\">\n<li><strong>11h00<\/strong> \u2013 Campeonato Pok\u00e9mon TCG Pocket<\/li>\n\n\n\n<li><strong>14h00<\/strong> \u2013 Oficina de pintura de miniaturas (Shoiti Maeda \u2013 R$ 80,00, inscri\u00e7\u00e3o antecipada)<\/li>\n<\/ul>\n\n\n\n<h3 class=\"wp-block-heading\">Conta\u00e7\u00e3o de Hist\u00f3rias<\/h3>\n\n\n\n<ul class=\"wp-block-list\">\n<li><strong>11h00<\/strong> \u2013 Conta\u00e7\u00e3o com Davi Jr.<\/li>\n\n\n\n<li><strong>15h00 \u2013 16h00<\/strong> \u2013 Sess\u00e3o de modelo vivo cosplay (Pop! Escola de Arte)<\/li>\n<\/ul>\n\n\n\n<h3 class=\"wp-block-heading\">Palco Externo<\/h3>\n\n\n\n<ul class=\"wp-block-list\">\n<li><strong>11h00 \u2013 13h00<\/strong> \u2013 Bate-papo Dublagem (Beatriz Meinberg)<\/li>\n\n\n\n<li><strong>13h00 \u2013 15h00<\/strong> \u2013 Bate-papo Gamer (Viq, Laris e Magic)<\/li>\n\n\n\n<li><strong>15h00 \u2013 18h00<\/strong> \u2013 Concurso Cosplay<\/li>\n\n\n\n<li><strong>18h00 \u2013 19h00<\/strong> \u2013 Show Banda Yoru<\/li>\n<\/ul>\n\n\n\n<h3 class=\"wp-block-heading\">\u00c1rea Externa<\/h3>\n\n\n\n<ul class=\"wp-block-list\">\n<li><strong>16h00 \u2013 18h00<\/strong> \u2013 Interven\u00e7\u00e3o de Grafitti com Load e \u00d3cio<\/li>\n<\/ul>\n\n\n\n<hr class=\"wp-block-separator has-alpha-channel-opacity\" \/>\n\n\n\n<h2 class=\"wp-block-heading\"><strong>28\/09 (Domingo)<\/strong> \u2013 <em>FLIJ + JundComics<\/em><\/h2>\n\n\n\n<h3 class=\"wp-block-heading\">Atra\u00e7\u00f5es Fixas<\/h3>\n\n\n\n<p>\ud83c\udfa8 \u00c1rea dos Artistas \u2022 \ud83d\udcda Venda de livros \u2022 \u2694\ufe0f Swordplay \u2022 \ud83c\udfae Arena Gamer \u2022 \ud83c\udfb2 Board Games \u2022 \ud83c\udfad Maquiagem art\u00edstica<\/p>\n\n\n\n<h3 class=\"wp-block-heading\">Espa\u00e7o Multiuso<\/h3>\n\n\n\n<ul class=\"wp-block-list\">\n<li><strong>10h00<\/strong> \u2013 Aula Show: <em>Sabores M\u00e1gicos de Hogwarts<\/em> <\/li>\n\n\n\n<li><strong>13h30<\/strong> \u2013 Mesas de RPG<\/li>\n<\/ul>\n\n\n\n<h3 class=\"wp-block-heading\">Audit\u00f3rio<\/h3>\n\n\n\n<ul class=\"wp-block-list\">\n<li><strong>11h00 \u2013 13h00<\/strong> \u2013 <em>O Drag\u00e3o de Rozan<\/em> \u2013 exibi\u00e7\u00e3o do filme + bate-papo<\/li>\n\n\n\n<li><strong>13h00 \u2013 15h00<\/strong> \u2013 <em>Quadrinhos como forma de resist\u00eancia<\/em> (Hel\u00f4 D\u2019Angelo e Gilmar \u2013 media\u00e7\u00e3o Load)<\/li>\n\n\n\n<li><strong>15h00 \u2013 17h00<\/strong> \u2013 Leitura dram\u00e1tica: <em>Jogo das Possibilidades<\/em> (T\u00e1bata Makowski) + bate-papo + distribui\u00e7\u00e3o de 40 exemplares<\/li>\n<\/ul>\n\n\n\n<h3 class=\"wp-block-heading\">Palco Externo<\/h3>\n\n\n\n<ul class=\"wp-block-list\">\n<li><strong>12h00 \u2013 12h30<\/strong> \u2013 Apresenta\u00e7\u00e3o Kung-Fu (Escola Wu De)<\/li>\n\n\n\n<li><strong>13h00 \u2013 14h00<\/strong> \u2013 Bate-papo Cosplay (Gigi, Lavs e Magic)<\/li>\n\n\n\n<li><strong>14h00 \u2013 17h00<\/strong> \u2013 Concurso Cosplay<\/li>\n\n\n\n<li><strong>17h00 \u2013 18h00<\/strong> \u2013 Show Banda Inazuma<\/li>\n<\/ul>\n","protected":false},"excerpt":{"rendered":"<p>A Festa Liter\u00e1ria de Jundia\u00ed (FLIJ) chega \u00e0 sua 6\u00aa edi\u00e7\u00e3o em mais uma realiza\u00e7\u00e3o da Secretaria Municipal de Cultura (SMCULT) da Prefeitura de Jundia\u00ed. Com programa\u00e7\u00e3o totalmente gratuita, o evento acontecer\u00e1 na Biblioteca Municipal Prof. Nelson Foot (com exce\u00e7\u00e3o do dia 20\/09, realizado na E.E. Dom Joaquim Justino Carreira). A cada edi\u00e7\u00e3o, a FLIJ [&hellip;]<\/p>\n","protected":false},"author":12,"featured_media":66,"parent":0,"menu_order":0,"comment_status":"closed","ping_status":"closed","template":"","meta":{"footnotes":""},"class_list":["post-17","page","type-page","status-publish","has-post-thumbnail","hentry"],"_links":{"self":[{"href":"https:\/\/cultura.jundiai.sp.gov.br\/flij\/wp-json\/wp\/v2\/pages\/17","targetHints":{"allow":["GET"]}}],"collection":[{"href":"https:\/\/cultura.jundiai.sp.gov.br\/flij\/wp-json\/wp\/v2\/pages"}],"about":[{"href":"https:\/\/cultura.jundiai.sp.gov.br\/flij\/wp-json\/wp\/v2\/types\/page"}],"author":[{"embeddable":true,"href":"https:\/\/cultura.jundiai.sp.gov.br\/flij\/wp-json\/wp\/v2\/users\/12"}],"replies":[{"embeddable":true,"href":"https:\/\/cultura.jundiai.sp.gov.br\/flij\/wp-json\/wp\/v2\/comments?post=17"}],"version-history":[{"count":36,"href":"https:\/\/cultura.jundiai.sp.gov.br\/flij\/wp-json\/wp\/v2\/pages\/17\/revisions"}],"predecessor-version":[{"id":75,"href":"https:\/\/cultura.jundiai.sp.gov.br\/flij\/wp-json\/wp\/v2\/pages\/17\/revisions\/75"}],"wp:featuredmedia":[{"embeddable":true,"href":"https:\/\/cultura.jundiai.sp.gov.br\/flij\/wp-json\/wp\/v2\/media\/66"}],"wp:attachment":[{"href":"https:\/\/cultura.jundiai.sp.gov.br\/flij\/wp-json\/wp\/v2\/media?parent=17"}],"curies":[{"name":"wp","href":"https:\/\/api.w.org\/{rel}","templated":true}]}}