{"id":60,"date":"2026-08-10T15:57:05","date_gmt":"2026-08-10T18:57:05","guid":{"rendered":"https:\/\/cultura.jundiai.sp.gov.br\/pnab\/?page_id=60"},"modified":"2026-08-24T15:06:38","modified_gmt":"2026-08-24T18:06:38","slug":"oficinas","status":"publish","type":"page","link":"https:\/\/cultura.jundiai.sp.gov.br\/pnab\/oficinas\/","title":{"rendered":"Oficinas"},"content":{"rendered":"\n<h3 class=\"wp-block-heading\"><strong>17 DE AGOSTO &#8211; OFICINA DE ORIENTA\u00c7\u00c3O &#8220;SELE\u00c7\u00c3O DE PROJETOS &#8211; PNAB&#8221; <\/strong><\/h3>\n\n\n\n<p><strong>Realiza\u00e7\u00e3o:<\/strong> CIEDS, em parceria com a Secretaria Municipal de Cultura de Jundia\u00ed<\/p>\n\n\n\n<p><strong>Hor\u00e1rio:<\/strong> das 18h30 \u00e0s 21h30<br><br><strong>Local:<\/strong> Sala Gl\u00f3ria Rocha \u2013 Centro das Artes (Rua Bar\u00e3o de Jundia\u00ed, 1093 \u2013 Centro, Jundia\u00ed\/SP)<\/p>\n\n\n\n<p>A primeira oficina tem como objetivo orientar fazedores e fazedoras de cultura de Jundia\u00ed sobre o &#8220;<strong>Edital&nbsp;<\/strong> <strong>14\/2026 &#8211; Sele\u00e7\u00e3o de&nbsp;Projetos \u2013 PNAB&#8221;<\/strong>, esclarencedo d\u00favidas e preparando os proponentes para o processo de inscri\u00e7\u00e3o.<\/p>\n\n\n\n<p><strong><strong>N\u00e3o \u00e9 necess\u00e1rio inscri\u00e7\u00e3o pr\u00e9via.<\/strong><\/strong><\/p>\n\n\n\n<hr class=\"wp-block-separator has-alpha-channel-opacity\" \/>\n\n\n\n<h3 class=\"wp-block-heading\"><strong>24 DE AGOSTO &#8211; OFICINA DE ORIENTA\u00c7\u00c3O &#8220;Cultura Viva JUNDIA\u00cd&#8221;<\/strong><\/h3>\n\n\n\n<p><strong>Realiza\u00e7\u00e3o:<\/strong> CIEDS, em parceria com a Secretaria Municipal de Cultura de Jundia\u00ed<\/p>\n\n\n\n<p><strong>Hor\u00e1rio:<\/strong> das 18h30 \u00e0s 21h30<\/p>\n\n\n\n<p><strong>Local:<\/strong> Sala Gl\u00f3ria Rocha \u2013 Centro das Artes (Rua Bar\u00e3o de Jundia\u00ed, 1093 \u2013 Centro, Jundia\u00ed\/SP)<\/p>\n\n\n\n<p>A segunda oficina \u00e9 direcionada aos editais Cultura Viva, tamb\u00e9m com o objetivo de orientar, esclarecer d\u00favidas e preparar os interessados, sendo os respectivos editais abordados:<\/p>\n\n\n\n<ul class=\"wp-block-list\">\n<li><strong>17\/2026. Edital de Projetos de Pontos de Cultura<\/strong>;<\/li>\n\n\n\n<li><strong>18\/2026. Edital de Premia\u00e7\u00e3o de Pontos e Pont\u00f5es de Cultura<\/strong>;<\/li>\n\n\n\n<li><strong>19\/2026. Edital de Bolsas Cultura Viva \u2013 Mestras e Mestres<\/strong>.<\/li>\n<\/ul>\n\n\n\n<p><strong><strong><strong>N\u00e3o \u00e9 necess\u00e1rio inscri\u00e7\u00e3o pr\u00e9via.<\/strong><\/strong><\/strong><\/p>\n\n\n\n<hr class=\"wp-block-separator has-alpha-channel-opacity\" \/>\n\n\n\n<h3 class=\"wp-block-heading\"><strong><strong>25 DE AGOSTO \u2013 OFICINA ON-LINE TIRA-D\u00daVIDAS \u201cEDITAIS PNAB E CULTURA VIVA JUNDIA\u00cd\u201d<\/strong><\/strong><\/h3>\n\n\n\n<p><strong>Realiza\u00e7\u00e3o: <\/strong>CIEDS, em parceria com a Secretaria Municipal de Cultura de Jundia\u00ed<\/p>\n\n\n\n<p><strong>Hor\u00e1rio: <\/strong>19h<\/p>\n\n\n\n<p><strong>Formato:<\/strong> On-line, com transmiss\u00e3o pelo canal da TVTEC Jundia\u00ed no YouTube<\/p>\n\n\n\n<p><a href=\"https:\/\/www.youtube.com\/live\/yROJ_xLKr78\" data-type=\"link\" data-id=\"https:\/\/www.youtube.com\/live\/yROJ_xLKr78\"><strong><em>ACESSE A TRANSMISS\u00c3O CLICANDO AQUI<\/em><\/strong><\/a><\/p>\n\n\n\n<p>A oficina on-line ser\u00e1 um espa\u00e7o dedicado ao esclarecimento de d\u00favidas sobre os <em><strong>editais do ciclo de fomento da PNAB e Cultura Viva de Jundia\u00ed<\/strong><\/em>, complementando as orienta\u00e7\u00f5es apresentadas nas oficinas presenciais realizadas nos dias 17 e 24 de agosto.<\/p>\n\n\n\n<p>Durante o encontro, os participantes poder\u00e3o esclarecer d\u00favidas sobre os editais, incluindo quest\u00f5es relacionadas aos crit\u00e9rios de participa\u00e7\u00e3o, documenta\u00e7\u00e3o, elabora\u00e7\u00e3o das propostas, inscri\u00e7\u00e3o e demais etapas do processo.<\/p>\n\n\n\n<p>Ser\u00e3o abordados os editais:<\/p>\n\n\n\n<ul class=\"wp-block-list\">\n<li><strong><em>14\/2026 \u2013 Edital de Sele\u00e7\u00e3o de Projetos \u2013 PNAB<\/em>;<\/strong><\/li>\n\n\n\n<li><strong><em>15\/2026 \u2013 Edital de Premia\u00e7\u00e3o \u2013 PNAB<\/em>;<\/strong><\/li>\n\n\n\n<li><strong><em>16\/2026 \u2013 Edital de Subs\u00eddios a Espa\u00e7os Culturais \u2013 PNAB<\/em>;<\/strong><\/li>\n\n\n\n<li><strong><em>17\/2026 \u2013 Edital de Projetos de Pontos de Cultura<\/em>;<\/strong><\/li>\n\n\n\n<li><strong><em>18\/2026 \u2013 Edital de Premia\u00e7\u00e3o de Pontos e Pont\u00f5es de Cultura<\/em>;<\/strong><\/li>\n\n\n\n<li><strong><em>19\/2026 \u2013 Edital de Bolsas Cultura Viva \u2013 Mestras e Mestres<\/em>;<\/strong><\/li>\n<\/ul>\n\n\n\n<p><em><strong>Aten\u00e7\u00e3o:<\/strong><\/em> n\u00e3o \u00e9 necess\u00e1rio realizar inscri\u00e7\u00e3o pr\u00e9via para participar desta oficina. A transmiss\u00e3o ser\u00e1 aberta ao p\u00fablico e poder\u00e1 ser acompanhada pelo canal da TVTEC Jundia\u00ed no YouTube.<\/p>\n\n\n\n<p><em>Participe e aproveite o encontro para esclarecer suas d\u00favidas sobre os editais e se preparar para a inscri\u00e7\u00e3o!<\/em><\/p>\n\n\n\n<p><a href=\"https:\/\/www.youtube.com\/live\/yROJ_xLKr78\" data-type=\"link\" data-id=\"https:\/\/www.youtube.com\/live\/yROJ_xLKr78\"><strong><em>ACESSE A TRANSMISS\u00c3O CLICANDO AQUI<\/em><\/strong><\/a><\/p>\n\n\n\n<hr class=\"wp-block-separator has-alpha-channel-opacity\" \/>\n\n\n\n<h3 class=\"wp-block-heading\"><strong>OFICINA &#8220;COMO MONTAR SEU PORTF\u00d3LIO NO CANVA&#8221; | TVTEC Jundia\u00ed e SMCULT<\/strong><\/h3>\n\n\n\n<p><strong>Data: <\/strong>31 de agosto &#8211;&nbsp;das 19h \u00e0s 21h30 (1\u00aa turma) \/ 10 de setembro &#8211; das 9h \u00e0s 11h30 (2\u00aa turma)<br><br><strong>Local:<\/strong>&nbsp;TVTEC Jundia\u00ed &#8211; Complexo Argos<\/p>\n\n\n\n<p><strong>Aten\u00e7\u00e3o:<\/strong><br>O preenchimento do formul\u00e1rio de inscri\u00e7\u00e3o N\u00c3O garante a vaga.<br>Os primeiros inscritos ser\u00e3o selecionados.<br>O aluno contemplado ser\u00e1 notificado via WhatsApp;<br>O aluno deve ter pelo menos 15 anos completos.<br>Confira o Regulamento: https:\/\/tvtecjundiai.com.br\/regulamento<\/p>\n\n\n\n<p>Neste curso, voc\u00ea vai aprender a estruturar um portf\u00f3lio cultural e, na pr\u00e1tica, come\u00e7ar a montar o seu pr\u00f3prio material utilizando o Canva. A aula ser\u00e1 realizada presencialmente na TVTEC Jundia\u00ed, com vagas limitadas, e ter\u00e1 acompanhamento do professor durante a constru\u00e7\u00e3o do portf\u00f3lio. Para ampliar o acesso ao conte\u00fado, tamb\u00e9m disponibilizaremos uma transmiss\u00e3o da aula para as pessoas que n\u00e3o conseguirem uma vaga presencial. Essa participa\u00e7\u00e3o ser\u00e1 acompanhada por um link, enviado exclusivamente pelo WhatsApp da TVTEC Cursos, no dia da aula, somente para quem tiver confirmado presen\u00e7a. Todas as informa\u00e7\u00f5es sobre confirma\u00e7\u00e3o de presen\u00e7a e acesso \u00e0 transmiss\u00e3o ser\u00e3o enviadas pelo WhatsApp da TVTEC Cursos: (11) 97722-3313<\/p>\n\n\n\n<p>Importante: para aproveitar melhor a aula pr\u00e1tica, recomendamos que voc\u00ea tenha em m\u00e3os informa\u00e7\u00f5es sobre sua trajet\u00f3ria profissional, projetos realizados, datas, locais de atua\u00e7\u00e3o e registros fotogr\u00e1ficos de suas atividades culturais.<\/p>\n\n\n\n<ul class=\"wp-block-list\">\n<li><strong>Inscri\u00e7\u00f5es para a 1\u00aa turma &#8211; 31 de agosto: <a href=\"https:\/\/docs.google.com\/forms\/d\/e\/1FAIpQLScItdSQJzEOwKlpNoQ3ghjrFR7UsUvEFOGlzftSmjocCwDNoQ\/closedform\" data-type=\"link\" data-id=\"https:\/\/docs.google.com\/forms\/d\/e\/1FAIpQLScItdSQJzEOwKlpNoQ3ghjrFR7UsUvEFOGlzftSmjocCwDNoQ\/closedform\" target=\"_blank\" rel=\"noreferrer noopener\">clique aqui<\/a><\/strong><\/li>\n\n\n\n<li><strong>Inscri\u00e7\u00f5es para a 2\u00aa turma &#8211; 10 de setembro: <\/strong>formul\u00e1rio dispon\u00edvel em breve<\/li>\n<\/ul>\n\n\n\n<p><\/p>\n","protected":false},"excerpt":{"rendered":"<p>17 DE AGOSTO &#8211; OFICINA DE ORIENTA\u00c7\u00c3O &#8220;SELE\u00c7\u00c3O DE PROJETOS &#8211; PNAB&#8221; Realiza\u00e7\u00e3o: CIEDS, em parceria com a Secretaria Municipal de Cultura de Jundia\u00ed Hor\u00e1rio: das 18h30 \u00e0s 21h30 Local: Sala Gl\u00f3ria Rocha \u2013 Centro das Artes (Rua Bar\u00e3o de Jundia\u00ed, 1093 \u2013 Centro, Jundia\u00ed\/SP) A primeira oficina tem como objetivo orientar fazedores e fazedoras [&hellip;]<\/p>\n","protected":false},"author":5,"featured_media":0,"parent":0,"menu_order":0,"comment_status":"closed","ping_status":"closed","template":"","meta":{"footnotes":""},"class_list":["post-60","page","type-page","status-publish","hentry"],"_links":{"self":[{"href":"https:\/\/cultura.jundiai.sp.gov.br\/pnab\/wp-json\/wp\/v2\/pages\/60","targetHints":{"allow":["GET"]}}],"collection":[{"href":"https:\/\/cultura.jundiai.sp.gov.br\/pnab\/wp-json\/wp\/v2\/pages"}],"about":[{"href":"https:\/\/cultura.jundiai.sp.gov.br\/pnab\/wp-json\/wp\/v2\/types\/page"}],"author":[{"embeddable":true,"href":"https:\/\/cultura.jundiai.sp.gov.br\/pnab\/wp-json\/wp\/v2\/users\/5"}],"replies":[{"embeddable":true,"href":"https:\/\/cultura.jundiai.sp.gov.br\/pnab\/wp-json\/wp\/v2\/comments?post=60"}],"version-history":[{"count":26,"href":"https:\/\/cultura.jundiai.sp.gov.br\/pnab\/wp-json\/wp\/v2\/pages\/60\/revisions"}],"predecessor-version":[{"id":132,"href":"https:\/\/cultura.jundiai.sp.gov.br\/pnab\/wp-json\/wp\/v2\/pages\/60\/revisions\/132"}],"wp:attachment":[{"href":"https:\/\/cultura.jundiai.sp.gov.br\/pnab\/wp-json\/wp\/v2\/media?parent=60"}],"curies":[{"name":"wp","href":"https:\/\/api.w.org\/{rel}","templated":true}]}}